{"id":996706,"date":"2023-12-15T16:12:23","date_gmt":"2023-12-15T15:12:23","guid":{"rendered":"https:\/\/www.escuelavitae.com\/noticies\/"},"modified":"2023-12-27T14:26:28","modified_gmt":"2023-12-27T13:26:28","slug":"noticias","status":"publish","type":"page","link":"https:\/\/www.escuelavitae.com\/es\/noticias\/","title":{"rendered":"Noticias"},"content":{"rendered":"\t\t<div data-elementor-type=\"wp-page\" data-elementor-id=\"996706\" class=\"elementor elementor-996706 elementor-996691\" data-elementor-post-type=\"page\">\n\t\t\t\t\t\t<section class=\"elementor-section elementor-top-section elementor-element elementor-element-dd1637d elementor-section-height-min-height elementor-section-boxed elementor-section-height-default elementor-section-items-middle\" data-id=\"dd1637d\" data-element_type=\"section\" data-e-type=\"section\" data-settings=\"{&quot;background_background&quot;:&quot;classic&quot;}\">\n\t\t\t\t\t\t<div class=\"elementor-container elementor-column-gap-default\">\n\t\t\t\t\t<div class=\"elementor-column elementor-col-100 elementor-top-column elementor-element elementor-element-11e99a7\" data-id=\"11e99a7\" data-element_type=\"column\" data-e-type=\"column\" data-settings=\"{&quot;background_background&quot;:&quot;classic&quot;}\">\n\t\t\t<div class=\"elementor-widget-wrap\">\n\t\t\t\t\t\t\t<\/div>\n\t\t<\/div>\n\t\t\t\t\t<\/div>\n\t\t<\/section>\n\t\t\t\t<section class=\"elementor-section elementor-top-section elementor-element elementor-element-c2c8b33 elementor-section-boxed elementor-section-height-default elementor-section-height-default\" data-id=\"c2c8b33\" data-element_type=\"section\" data-e-type=\"section\" data-settings=\"{&quot;animation&quot;:&quot;none&quot;,&quot;animation_tablet&quot;:&quot;none&quot;,&quot;animation_mobile&quot;:&quot;none&quot;}\">\n\t\t\t\t\t\t<div class=\"elementor-container elementor-column-gap-no\">\n\t\t\t\t\t<div class=\"elementor-column elementor-col-50 elementor-top-column elementor-element elementor-element-94a0b43 animated-fast pastilla-verde elementor-invisible\" data-id=\"94a0b43\" data-element_type=\"column\" data-e-type=\"column\" data-settings=\"{&quot;background_background&quot;:&quot;classic&quot;,&quot;animation&quot;:&quot;fadeIn&quot;,&quot;animation_delay&quot;:100}\">\n\t\t\t<div class=\"elementor-widget-wrap elementor-element-populated\">\n\t\t\t\t\t\t<div class=\"elementor-element elementor-element-bb96237 elementor-widget elementor-widget-text-editor\" data-id=\"bb96237\" data-element_type=\"widget\" data-e-type=\"widget\" data-settings=\"{&quot;_animation&quot;:&quot;none&quot;,&quot;_animation_delay&quot;:300}\" data-widget_type=\"text-editor.default\">\n\t\t\t\t<div class=\"elementor-widget-container\">\n\t\t\t\t\t\t\t\t\t<p><strong>\u00daltimas noticias y eventos en Vitae:<\/strong> mantente conectado.<\/p>\t\t\t\t\t\t\t\t<\/div>\n\t\t\t\t<\/div>\n\t\t\t\t\t<\/div>\n\t\t<\/div>\n\t\t\t\t<div class=\"elementor-column elementor-col-50 elementor-top-column elementor-element elementor-element-f165f9b elementor-hidden-desktop elementor-hidden-tablet elementor-hidden-phone\" data-id=\"f165f9b\" data-element_type=\"column\" data-e-type=\"column\">\n\t\t\t<div class=\"elementor-widget-wrap\">\n\t\t\t\t\t\t\t<\/div>\n\t\t<\/div>\n\t\t\t\t\t<\/div>\n\t\t<\/section>\n\t\t\t\t<section class=\"elementor-section elementor-top-section elementor-element elementor-element-0f91d90 elementor-section-boxed elementor-section-height-default elementor-section-height-default\" data-id=\"0f91d90\" data-element_type=\"section\" data-e-type=\"section\">\n\t\t\t\t\t\t<div class=\"elementor-container elementor-column-gap-no\">\n\t\t\t\t\t<div class=\"elementor-column elementor-col-100 elementor-top-column elementor-element elementor-element-579593e\" data-id=\"579593e\" data-element_type=\"column\" data-e-type=\"column\">\n\t\t\t<div class=\"elementor-widget-wrap elementor-element-populated\">\n\t\t\t\t\t\t<div class=\"elementor-element elementor-element-ac61781 animated-fast elementor-grid-3 elementor-grid-tablet-2 elementor-grid-mobile-1 elementor-posts--thumbnail-top elementor-invisible elementor-widget elementor-widget-posts\" data-id=\"ac61781\" data-element_type=\"widget\" data-e-type=\"widget\" data-settings=\"{&quot;classic_row_gap&quot;:{&quot;unit&quot;:&quot;px&quot;,&quot;size&quot;:60,&quot;sizes&quot;:[]},&quot;_animation&quot;:&quot;fadeIn&quot;,&quot;classic_row_gap_mobile&quot;:{&quot;unit&quot;:&quot;px&quot;,&quot;size&quot;:50,&quot;sizes&quot;:[]},&quot;pagination_type&quot;:&quot;numbers&quot;,&quot;classic_columns&quot;:&quot;3&quot;,&quot;classic_columns_tablet&quot;:&quot;2&quot;,&quot;classic_columns_mobile&quot;:&quot;1&quot;,&quot;classic_row_gap_tablet&quot;:{&quot;unit&quot;:&quot;px&quot;,&quot;size&quot;:&quot;&quot;,&quot;sizes&quot;:[]},&quot;classic_row_gap_mobile_extra&quot;:{&quot;unit&quot;:&quot;px&quot;,&quot;size&quot;:&quot;&quot;,&quot;sizes&quot;:[]}}\" data-widget_type=\"posts.classic\">\n\t\t\t\t<div class=\"elementor-widget-container\">\n\t\t\t\t\t\t\t<div class=\"elementor-posts-container elementor-posts elementor-posts--skin-classic elementor-grid\" role=\"list\">\n\t\t\t\t<article class=\"elementor-post elementor-grid-item post-1021301 post type-post status-publish format-standard has-post-thumbnail hentry category-gs-deporte\" role=\"listitem\">\n\t\t\t\t<a class=\"elementor-post__thumbnail__link\" href=\"https:\/\/www.escuelavitae.com\/es\/grado-superior-acondicionamiento-fisico-fp-dual-fitness\/\" tabindex=\"-1\" >\n\t\t\t<div class=\"elementor-post__thumbnail\"><img fetchpriority=\"high\" decoding=\"async\" width=\"1920\" height=\"1080\" src=\"https:\/\/www.escuelavitae.com\/wp-content\/uploads\/2023\/06\/entrenamiento-personal-bienestar-360.jpg\" class=\"attachment-full size-full wp-image-1002208\" alt=\"\" srcset=\"https:\/\/www.escuelavitae.com\/wp-content\/uploads\/2023\/06\/entrenamiento-personal-bienestar-360.jpg 1920w, https:\/\/www.escuelavitae.com\/wp-content\/uploads\/2023\/06\/entrenamiento-personal-bienestar-360-300x169.jpg 300w, https:\/\/www.escuelavitae.com\/wp-content\/uploads\/2023\/06\/entrenamiento-personal-bienestar-360-1024x576.jpg 1024w, https:\/\/www.escuelavitae.com\/wp-content\/uploads\/2023\/06\/entrenamiento-personal-bienestar-360-768x432.jpg 768w, https:\/\/www.escuelavitae.com\/wp-content\/uploads\/2023\/06\/entrenamiento-personal-bienestar-360-1536x864.jpg 1536w\" sizes=\"(max-width: 1920px) 100vw, 1920px\" \/><\/div>\n\t\t<\/a>\n\t\t\t\t<div class=\"elementor-post__text\">\n\t\t\t\t<h3 class=\"elementor-post__title\">\n\t\t\t<a href=\"https:\/\/www.escuelavitae.com\/es\/grado-superior-acondicionamiento-fisico-fp-dual-fitness\/\" >\n\t\t\t\tFP Dual en el CFGS de Acondicionamiento F\u00edsico: m\u00e1s cerca de la profesi\u00f3n\t\t\t<\/a>\n\t\t<\/h3>\n\t\t\t\t<div class=\"elementor-post__meta-data\">\n\t\t\t\t\t<span class=\"elementor-post-date\">\n\t\t\t1 de abril de 2026\t\t<\/span>\n\t\t\t\t<\/div>\n\t\t\t\t<div class=\"elementor-post__excerpt\">\n\t\t\t<p>El CFGS de Acondicionamiento F\u00edsico en formato DUAL te permite una conexi\u00f3n muy cercana con la profesi\u00f3n \u00a0 El mundo del fitness, el entrenamiento y la salud crece y evoluciona r\u00e1pido. Las empresas demandan perfiles cada vez m\u00e1s preparados, con experiencia real y capacidad de adaptaci\u00f3n. En este contexto, la<\/p>\n\t\t<\/div>\n\t\t\n\t\t<a class=\"elementor-post__read-more\" href=\"https:\/\/www.escuelavitae.com\/es\/grado-superior-acondicionamiento-fisico-fp-dual-fitness\/\" aria-label=\"M\u00e1s informaci\u00f3n sobre FP Dual en el CFGS de Acondicionamiento F\u00edsico: m\u00e1s cerca de la profesi\u00f3n\" tabindex=\"-1\" >\n\t\t\t\t\t<\/a>\n\n\t\t\t\t<\/div>\n\t\t\t\t<\/article>\n\t\t\t\t<article class=\"elementor-post elementor-grid-item post-1018274 post type-post status-publish format-standard has-post-thumbnail hentry category-ce-salud\" role=\"listitem\">\n\t\t\t\t<a class=\"elementor-post__thumbnail__link\" href=\"https:\/\/www.escuelavitae.com\/es\/un-dia-en-la-vida-de-un-tecnico-en-emergencias-sanitarias\/\" tabindex=\"-1\" >\n\t\t\t<div class=\"elementor-post__thumbnail\"><img decoding=\"async\" width=\"1368\" height=\"1368\" src=\"https:\/\/www.escuelavitae.com\/wp-content\/uploads\/2026\/01\/41c76df5-f7c4-470b-ae38-77c295125fde.jpg\" class=\"attachment-full size-full wp-image-1018229\" alt=\"\" srcset=\"https:\/\/www.escuelavitae.com\/wp-content\/uploads\/2026\/01\/41c76df5-f7c4-470b-ae38-77c295125fde.jpg 1368w, https:\/\/www.escuelavitae.com\/wp-content\/uploads\/2026\/01\/41c76df5-f7c4-470b-ae38-77c295125fde-300x300.jpg 300w, https:\/\/www.escuelavitae.com\/wp-content\/uploads\/2026\/01\/41c76df5-f7c4-470b-ae38-77c295125fde-1024x1024.jpg 1024w, https:\/\/www.escuelavitae.com\/wp-content\/uploads\/2026\/01\/41c76df5-f7c4-470b-ae38-77c295125fde-150x150.jpg 150w, https:\/\/www.escuelavitae.com\/wp-content\/uploads\/2026\/01\/41c76df5-f7c4-470b-ae38-77c295125fde-768x768.jpg 768w\" sizes=\"(max-width: 1368px) 100vw, 1368px\" \/><\/div>\n\t\t<\/a>\n\t\t\t\t<div class=\"elementor-post__text\">\n\t\t\t\t<h3 class=\"elementor-post__title\">\n\t\t\t<a href=\"https:\/\/www.escuelavitae.com\/es\/un-dia-en-la-vida-de-un-tecnico-en-emergencias-sanitarias\/\" >\n\t\t\t\tUn d\u00eda en la vida de un TES, Profesionales en Emergencias Sanitarias\t\t\t<\/a>\n\t\t<\/h3>\n\t\t\t\t<div class=\"elementor-post__meta-data\">\n\t\t\t\t\t<span class=\"elementor-post-date\">\n\t\t\t26 de enero de 2026\t\t<\/span>\n\t\t\t\t<\/div>\n\t\t\t\t<div class=\"elementor-post__excerpt\">\n\t\t\t<p>Entre sirenas, humanidad y formaci\u00f3n profesional \u201c\u2026La llamada entr\u00f3 a las 23:12. Voz temblorosa, sin palabras claras\u2026 solo miedo. La persona colg\u00f3 antes de poder dar datos precisos. Luego que sent\u00ed el tono de la alarma, supe que ser\u00eda una noche intensa.\u201d As\u00ed empieza un turno m\u00e1s para la Mar\u00eda,<\/p>\n\t\t<\/div>\n\t\t\n\t\t<a class=\"elementor-post__read-more\" href=\"https:\/\/www.escuelavitae.com\/es\/un-dia-en-la-vida-de-un-tecnico-en-emergencias-sanitarias\/\" aria-label=\"M\u00e1s informaci\u00f3n sobre Un d\u00eda en la vida de un TES, Profesionales en Emergencias Sanitarias\" tabindex=\"-1\" >\n\t\t\t\t\t<\/a>\n\n\t\t\t\t<\/div>\n\t\t\t\t<\/article>\n\t\t\t\t<article class=\"elementor-post elementor-grid-item post-1017430 post type-post status-publish format-standard has-post-thumbnail hentry category-comunidad-vitae-es category-comunidad-vitae category-uni-deporte\" role=\"listitem\">\n\t\t\t\t<a class=\"elementor-post__thumbnail__link\" href=\"https:\/\/www.escuelavitae.com\/es\/internacionalizacion-mobility-erasmus\/\" tabindex=\"-1\" >\n\t\t\t<div class=\"elementor-post__thumbnail\"><img decoding=\"async\" width=\"1804\" height=\"1080\" src=\"https:\/\/www.escuelavitae.com\/wp-content\/uploads\/2025\/11\/internacionalizacion-educacion-global.jpg\" class=\"attachment-full size-full wp-image-1017399\" alt=\"Mari\u00e0 Pasarello a l\u2019International Workshop del Grau de CAFE, organitzat per la Fontys University a Eindhoven (Pa\u00efsos Baixos)\" srcset=\"https:\/\/www.escuelavitae.com\/wp-content\/uploads\/2025\/11\/internacionalizacion-educacion-global.jpg 1804w, https:\/\/www.escuelavitae.com\/wp-content\/uploads\/2025\/11\/internacionalizacion-educacion-global-300x180.jpg 300w, https:\/\/www.escuelavitae.com\/wp-content\/uploads\/2025\/11\/internacionalizacion-educacion-global-1024x613.jpg 1024w, https:\/\/www.escuelavitae.com\/wp-content\/uploads\/2025\/11\/internacionalizacion-educacion-global-768x460.jpg 768w, https:\/\/www.escuelavitae.com\/wp-content\/uploads\/2025\/11\/internacionalizacion-educacion-global-1536x920.jpg 1536w\" sizes=\"(max-width: 1804px) 100vw, 1804px\" \/><\/div>\n\t\t<\/a>\n\t\t\t\t<div class=\"elementor-post__text\">\n\t\t\t\t<h3 class=\"elementor-post__title\">\n\t\t\t<a href=\"https:\/\/www.escuelavitae.com\/es\/internacionalizacion-mobility-erasmus\/\" >\n\t\t\t\tPrograms de movilidad internacional de la Escuela Universitaria del Deporte Vitae\t\t\t<\/a>\n\t\t<\/h3>\n\t\t\t\t<div class=\"elementor-post__meta-data\">\n\t\t\t\t\t<span class=\"elementor-post-date\">\n\t\t\t11 de noviembre de 2025\t\t<\/span>\n\t\t\t\t<\/div>\n\t\t\t\t<div class=\"elementor-post__excerpt\">\n\t\t\t<p>El futuro habla idiomas, conecta culturas, comparte experiencias e intercambia talento. La internacionalizaci\u00f3n en educaci\u00f3n ya no es \u201cun extra\u201d: es una competencia clave para aprender, convivir y trabajar en una sociedad global. Juntos, llegamos m\u00e1s lejos. Desde primaria y secundaria hasta la universidad, abrir las aulas en el mundo<\/p>\n\t\t<\/div>\n\t\t\n\t\t<a class=\"elementor-post__read-more\" href=\"https:\/\/www.escuelavitae.com\/es\/internacionalizacion-mobility-erasmus\/\" aria-label=\"M\u00e1s informaci\u00f3n sobre Programs de movilidad internacional de la Escuela Universitaria del Deporte Vitae\" tabindex=\"-1\" >\n\t\t\t\t\t<\/a>\n\n\t\t\t\t<\/div>\n\t\t\t\t<\/article>\n\t\t\t\t<article class=\"elementor-post elementor-grid-item post-1017086 post type-post status-publish format-standard has-post-thumbnail hentry category-sin-categorizar\" role=\"listitem\">\n\t\t\t\t<a class=\"elementor-post__thumbnail__link\" href=\"https:\/\/www.escuelavitae.com\/es\/tecnologia-innovacio-educacio\/\" tabindex=\"-1\" >\n\t\t\t<div class=\"elementor-post__thumbnail\"><img loading=\"lazy\" decoding=\"async\" width=\"1804\" height=\"1080\" src=\"https:\/\/www.escuelavitae.com\/wp-content\/uploads\/2025\/11\/tecnologia-educacion-vitae.jpg\" class=\"attachment-full size-full wp-image-1017358\" alt=\"Alumno utilizando gafas de realidad virtual en una aplicaci\u00f3n de anatom\u00eda\" srcset=\"https:\/\/www.escuelavitae.com\/wp-content\/uploads\/2025\/11\/tecnologia-educacion-vitae.jpg 1804w, https:\/\/www.escuelavitae.com\/wp-content\/uploads\/2025\/11\/tecnologia-educacion-vitae-300x180.jpg 300w, https:\/\/www.escuelavitae.com\/wp-content\/uploads\/2025\/11\/tecnologia-educacion-vitae-1024x613.jpg 1024w, https:\/\/www.escuelavitae.com\/wp-content\/uploads\/2025\/11\/tecnologia-educacion-vitae-768x460.jpg 768w, https:\/\/www.escuelavitae.com\/wp-content\/uploads\/2025\/11\/tecnologia-educacion-vitae-1536x920.jpg 1536w\" sizes=\"(max-width: 1804px) 100vw, 1804px\" \/><\/div>\n\t\t<\/a>\n\t\t\t\t<div class=\"elementor-post__text\">\n\t\t\t\t<h3 class=\"elementor-post__title\">\n\t\t\t<a href=\"https:\/\/www.escuelavitae.com\/es\/tecnologia-innovacio-educacio\/\" >\n\t\t\t\tLa tecnolog\u00eda al servicio de la educaci\u00f3n \u2013 Escuela Vitae en el SIMO\t\t\t<\/a>\n\t\t<\/h3>\n\t\t\t\t<div class=\"elementor-post__meta-data\">\n\t\t\t\t\t<span class=\"elementor-post-date\">\n\t\t\t3 de noviembre de 2025\t\t<\/span>\n\t\t\t\t<\/div>\n\t\t\t\t<div class=\"elementor-post__excerpt\">\n\t\t\t<p>Innovaci\u00f3n, IA y aprendizaje vivencial en el Sal\u00f3n Internacional de Tecnolog\u00eda Educativa \u00a0 Organizado por IFEMA MADRID, el Sal\u00f3n Internacional de Tecnolog\u00eda e Innovaci\u00f3n Educativa, celebra este a\u00f1o su 11\u00aa edici\u00f3n, consolid\u00e1ndose como el gran punto de encuentro para los profesionales del sector educativo en Espa\u00f1a. Un espacio que re\u00fane<\/p>\n\t\t<\/div>\n\t\t\n\t\t<a class=\"elementor-post__read-more\" href=\"https:\/\/www.escuelavitae.com\/es\/tecnologia-innovacio-educacio\/\" aria-label=\"M\u00e1s informaci\u00f3n sobre La tecnolog\u00eda al servicio de la educaci\u00f3n \u2013 Escuela Vitae en el SIMO\" tabindex=\"-1\" >\n\t\t\t\t\t<\/a>\n\n\t\t\t\t<\/div>\n\t\t\t\t<\/article>\n\t\t\t\t<article class=\"elementor-post elementor-grid-item post-1016503 post type-post status-publish format-standard has-post-thumbnail hentry category-sin-categorizar-es\" role=\"listitem\">\n\t\t\t\t<a class=\"elementor-post__thumbnail__link\" href=\"https:\/\/www.escuelavitae.com\/es\/gala-premios-csd-proad\/\" tabindex=\"-1\" >\n\t\t\t<div class=\"elementor-post__thumbnail\"><img loading=\"lazy\" decoding=\"async\" width=\"2560\" height=\"1705\" src=\"https:\/\/www.escuelavitae.com\/wp-content\/uploads\/2025\/10\/gala-premios-csd-proad-vitae-scaled.jpg\" class=\"attachment-full size-full wp-image-1016486\" alt=\"Acto de Entrega de Premios CSD-PROAD 2025\" srcset=\"https:\/\/www.escuelavitae.com\/wp-content\/uploads\/2025\/10\/gala-premios-csd-proad-vitae-scaled.jpg 2560w, https:\/\/www.escuelavitae.com\/wp-content\/uploads\/2025\/10\/gala-premios-csd-proad-vitae-300x200.jpg 300w, https:\/\/www.escuelavitae.com\/wp-content\/uploads\/2025\/10\/gala-premios-csd-proad-vitae-1024x682.jpg 1024w, https:\/\/www.escuelavitae.com\/wp-content\/uploads\/2025\/10\/gala-premios-csd-proad-vitae-768x512.jpg 768w, https:\/\/www.escuelavitae.com\/wp-content\/uploads\/2025\/10\/gala-premios-csd-proad-vitae-1536x1023.jpg 1536w, https:\/\/www.escuelavitae.com\/wp-content\/uploads\/2025\/10\/gala-premios-csd-proad-vitae-2048x1364.jpg 2048w\" sizes=\"(max-width: 2560px) 100vw, 2560px\" \/><\/div>\n\t\t<\/a>\n\t\t\t\t<div class=\"elementor-post__text\">\n\t\t\t\t<h3 class=\"elementor-post__title\">\n\t\t\t<a href=\"https:\/\/www.escuelavitae.com\/es\/gala-premios-csd-proad\/\" >\n\t\t\t\tGala de Premios CSD\u2013PROAD 2025: celebrando el esfuerzo deportivo y acad\u00e9mico\t\t\t<\/a>\n\t\t<\/h3>\n\t\t\t\t<div class=\"elementor-post__meta-data\">\n\t\t\t\t\t<span class=\"elementor-post-date\">\n\t\t\t10 de octubre de 2025\t\t<\/span>\n\t\t\t\t<\/div>\n\t\t\t\t<div class=\"elementor-post__excerpt\">\n\t\t\t<p>Premios CSD-PROAD Carrera Dual La Gala de los Premios CSD\u2013PROAD Carrera Dual 2025 ha reunido a deportistas, instituciones y entidades comprometidas con el desarrollo integral del talento deportivo. Estos premios, impulsados por el Consejo Superior de Deportes a trav\u00e9s del Programa de Atenci\u00f3n al Deportista de Alto Nivel (PROAD), reconocen<\/p>\n\t\t<\/div>\n\t\t\n\t\t<a class=\"elementor-post__read-more\" href=\"https:\/\/www.escuelavitae.com\/es\/gala-premios-csd-proad\/\" aria-label=\"M\u00e1s informaci\u00f3n sobre Gala de Premios CSD\u2013PROAD 2025: celebrando el esfuerzo deportivo y acad\u00e9mico\" tabindex=\"-1\" >\n\t\t\t\t\t<\/a>\n\n\t\t\t\t<\/div>\n\t\t\t\t<\/article>\n\t\t\t\t<article class=\"elementor-post elementor-grid-item post-1015502 post type-post status-publish format-standard has-post-thumbnail hentry category-alumni\" role=\"listitem\">\n\t\t\t\t<a class=\"elementor-post__thumbnail__link\" href=\"https:\/\/www.escuelavitae.com\/es\/movilidad-internacional\/\" tabindex=\"-1\" >\n\t\t\t<div class=\"elementor-post__thumbnail\"><img loading=\"lazy\" decoding=\"async\" width=\"2048\" height=\"1365\" src=\"https:\/\/www.escuelavitae.com\/wp-content\/uploads\/2025\/06\/noia-estudiar-estranger.jpg\" class=\"attachment-full size-full wp-image-1015434\" alt=\"Noia amb passaport a l&#039;aeroport que marxa a estudiar a l&#039;estranger\" srcset=\"https:\/\/www.escuelavitae.com\/wp-content\/uploads\/2025\/06\/noia-estudiar-estranger.jpg 2048w, https:\/\/www.escuelavitae.com\/wp-content\/uploads\/2025\/06\/noia-estudiar-estranger-300x200.jpg 300w, https:\/\/www.escuelavitae.com\/wp-content\/uploads\/2025\/06\/noia-estudiar-estranger-1024x683.jpg 1024w, https:\/\/www.escuelavitae.com\/wp-content\/uploads\/2025\/06\/noia-estudiar-estranger-768x512.jpg 768w, https:\/\/www.escuelavitae.com\/wp-content\/uploads\/2025\/06\/noia-estudiar-estranger-1536x1024.jpg 1536w\" sizes=\"(max-width: 2048px) 100vw, 2048px\" \/><\/div>\n\t\t<\/a>\n\t\t\t\t<div class=\"elementor-post__text\">\n\t\t\t\t<h3 class=\"elementor-post__title\">\n\t\t\t<a href=\"https:\/\/www.escuelavitae.com\/es\/movilidad-internacional\/\" >\n\t\t\t\tImpulsamos la internacionalizaci\u00f3n de la comunidad Vitae\t\t\t<\/a>\n\t\t<\/h3>\n\t\t\t\t<div class=\"elementor-post__meta-data\">\n\t\t\t\t\t<span class=\"elementor-post-date\">\n\t\t\t16 de junio de 2025\t\t<\/span>\n\t\t\t\t<\/div>\n\t\t\t\t<div class=\"elementor-post__excerpt\">\n\t\t\t<p>La Oficina de Global Affairs de la Escuela Vitae, te abre las puertas a un futuro sin fronteras. \u00a0 Aterrizas en un lugar donde todo es nuevo: el idioma, la forma de hacer las cosas, la manera de vivir&#8230; Las costumbres y su gente despiertan tu curiosidad y, poco a<\/p>\n\t\t<\/div>\n\t\t\n\t\t<a class=\"elementor-post__read-more\" href=\"https:\/\/www.escuelavitae.com\/es\/movilidad-internacional\/\" aria-label=\"M\u00e1s informaci\u00f3n sobre Impulsamos la internacionalizaci\u00f3n de la comunidad Vitae\" tabindex=\"-1\" >\n\t\t\t\t\t<\/a>\n\n\t\t\t\t<\/div>\n\t\t\t\t<\/article>\n\t\t\t\t<article class=\"elementor-post elementor-grid-item post-1015229 post type-post status-publish format-standard has-post-thumbnail hentry category-sin-categorizar\" role=\"listitem\">\n\t\t\t\t<a class=\"elementor-post__thumbnail__link\" href=\"https:\/\/www.escuelavitae.com\/es\/rugby-universitario-cafetera-cup\/\" tabindex=\"-1\" >\n\t\t\t<div class=\"elementor-post__thumbnail\"><img loading=\"lazy\" decoding=\"async\" width=\"2560\" height=\"1707\" src=\"https:\/\/www.escuelavitae.com\/wp-content\/uploads\/2025\/05\/cafetera-cup-rugby-vitae-scaled.jpg\" class=\"attachment-full size-full wp-image-1015198\" alt=\"Torneig de rugby universitari\" srcset=\"https:\/\/www.escuelavitae.com\/wp-content\/uploads\/2025\/05\/cafetera-cup-rugby-vitae-scaled.jpg 2560w, https:\/\/www.escuelavitae.com\/wp-content\/uploads\/2025\/05\/cafetera-cup-rugby-vitae-300x200.jpg 300w, https:\/\/www.escuelavitae.com\/wp-content\/uploads\/2025\/05\/cafetera-cup-rugby-vitae-1024x683.jpg 1024w, https:\/\/www.escuelavitae.com\/wp-content\/uploads\/2025\/05\/cafetera-cup-rugby-vitae-768x512.jpg 768w, https:\/\/www.escuelavitae.com\/wp-content\/uploads\/2025\/05\/cafetera-cup-rugby-vitae-1536x1024.jpg 1536w, https:\/\/www.escuelavitae.com\/wp-content\/uploads\/2025\/05\/cafetera-cup-rugby-vitae-2048x1365.jpg 2048w\" sizes=\"(max-width: 2560px) 100vw, 2560px\" \/><\/div>\n\t\t<\/a>\n\t\t\t\t<div class=\"elementor-post__text\">\n\t\t\t\t<h3 class=\"elementor-post__title\">\n\t\t\t<a href=\"https:\/\/www.escuelavitae.com\/es\/rugby-universitario-cafetera-cup\/\" >\n\t\t\t\tLa Cafetera Cup re\u00fane en la UVic centenar de estudiantes CAFD, buen ambiente y valores\t\t\t<\/a>\n\t\t<\/h3>\n\t\t\t\t<div class=\"elementor-post__meta-data\">\n\t\t\t\t\t<span class=\"elementor-post-date\">\n\t\t\t16 de mayo de 2025\t\t<\/span>\n\t\t\t\t<\/div>\n\t\t\t\t<div class=\"elementor-post__excerpt\">\n\t\t\t<p>Un torneo de rugby universitario que crece a\u00f1o tras a\u00f1o La Universidad de Vic acogi\u00f3 el 14 de mayo la IV edici\u00f3n de la Cafetera\u00a0Cup, el torneo de rugby universitario que se ha consolidado como una cita clave dentro de los grados en Ciencias de la Actividad F\u00edsica y del<\/p>\n\t\t<\/div>\n\t\t\n\t\t<a class=\"elementor-post__read-more\" href=\"https:\/\/www.escuelavitae.com\/es\/rugby-universitario-cafetera-cup\/\" aria-label=\"M\u00e1s informaci\u00f3n sobre La Cafetera Cup re\u00fane en la UVic centenar de estudiantes CAFD, buen ambiente y valores\" tabindex=\"-1\" >\n\t\t\t\t\t<\/a>\n\n\t\t\t\t<\/div>\n\t\t\t\t<\/article>\n\t\t\t\t<article class=\"elementor-post elementor-grid-item post-1013677 post type-post status-publish format-standard has-post-thumbnail hentry category-sin-categorizar\" role=\"listitem\">\n\t\t\t\t<a class=\"elementor-post__thumbnail__link\" href=\"https:\/\/www.escuelavitae.com\/es\/el-deporte-herramienta-de-inclusion-y-nuevas-oportunidades\/\" tabindex=\"-1\" >\n\t\t\t<div class=\"elementor-post__thumbnail\"><img loading=\"lazy\" decoding=\"async\" width=\"2048\" height=\"1354\" src=\"https:\/\/www.escuelavitae.com\/wp-content\/uploads\/2025\/03\/deporte-inclusion.jpg\" class=\"attachment-full size-full wp-image-1013661\" alt=\"Deporte como herramienta de inclusi\u00f3n\" srcset=\"https:\/\/www.escuelavitae.com\/wp-content\/uploads\/2025\/03\/deporte-inclusion.jpg 2048w, https:\/\/www.escuelavitae.com\/wp-content\/uploads\/2025\/03\/deporte-inclusion-300x198.jpg 300w, https:\/\/www.escuelavitae.com\/wp-content\/uploads\/2025\/03\/deporte-inclusion-1024x677.jpg 1024w, https:\/\/www.escuelavitae.com\/wp-content\/uploads\/2025\/03\/deporte-inclusion-768x508.jpg 768w, https:\/\/www.escuelavitae.com\/wp-content\/uploads\/2025\/03\/deporte-inclusion-1536x1016.jpg 1536w\" sizes=\"(max-width: 2048px) 100vw, 2048px\" \/><\/div>\n\t\t<\/a>\n\t\t\t\t<div class=\"elementor-post__text\">\n\t\t\t\t<h3 class=\"elementor-post__title\">\n\t\t\t<a href=\"https:\/\/www.escuelavitae.com\/es\/el-deporte-herramienta-de-inclusion-y-nuevas-oportunidades\/\" >\n\t\t\t\tEl Deporte, herramienta de inclusi\u00f3n y nuevas oportunidades\t\t\t<\/a>\n\t\t<\/h3>\n\t\t\t\t<div class=\"elementor-post__meta-data\">\n\t\t\t\t\t<span class=\"elementor-post-date\">\n\t\t\t3 de marzo de 2025\t\t<\/span>\n\t\t\t\t<\/div>\n\t\t\t\t<div class=\"elementor-post__excerpt\">\n\t\t\t<p>El deporte es un poderoso impulsor de la transformaci\u00f3n social. En distintos contextos, la actividad f\u00edsica y el deporte ha demostrado ser un motor para la integraci\u00f3n de personas en riesgo de exclusi\u00f3n social, brind\u00e1ndoles no solo bienestar f\u00edsico, sino tambi\u00e9n valores esenciales como la disciplina, el trabajo en equipo<\/p>\n\t\t<\/div>\n\t\t\n\t\t<a class=\"elementor-post__read-more\" href=\"https:\/\/www.escuelavitae.com\/es\/el-deporte-herramienta-de-inclusion-y-nuevas-oportunidades\/\" aria-label=\"M\u00e1s informaci\u00f3n sobre El Deporte, herramienta de inclusi\u00f3n y nuevas oportunidades\" tabindex=\"-1\" >\n\t\t\t\t\t<\/a>\n\n\t\t\t\t<\/div>\n\t\t\t\t<\/article>\n\t\t\t\t<article class=\"elementor-post elementor-grid-item post-1013379 post type-post status-publish format-standard has-post-thumbnail hentry category-sin-categorizar\" role=\"listitem\">\n\t\t\t\t<a class=\"elementor-post__thumbnail__link\" href=\"https:\/\/www.escuelavitae.com\/es\/fp-sanitaria-profesionales-que-cuidan-formacion-que-transforma\/\" tabindex=\"-1\" >\n\t\t\t<div class=\"elementor-post__thumbnail\"><img loading=\"lazy\" decoding=\"async\" width=\"8133\" height=\"5038\" src=\"https:\/\/www.escuelavitae.com\/wp-content\/uploads\/2025\/02\/fp-sanitat.jpg\" class=\"attachment-full size-full wp-image-1013388\" alt=\"Estudiante de FP en clase de farmacia y parafarmacia\" srcset=\"https:\/\/www.escuelavitae.com\/wp-content\/uploads\/2025\/02\/fp-sanitat.jpg 8133w, https:\/\/www.escuelavitae.com\/wp-content\/uploads\/2025\/02\/fp-sanitat-300x186.jpg 300w, https:\/\/www.escuelavitae.com\/wp-content\/uploads\/2025\/02\/fp-sanitat-1024x634.jpg 1024w, https:\/\/www.escuelavitae.com\/wp-content\/uploads\/2025\/02\/fp-sanitat-768x476.jpg 768w, https:\/\/www.escuelavitae.com\/wp-content\/uploads\/2025\/02\/fp-sanitat-1536x951.jpg 1536w\" sizes=\"(max-width: 8133px) 100vw, 8133px\" \/><\/div>\n\t\t<\/a>\n\t\t\t\t<div class=\"elementor-post__text\">\n\t\t\t\t<h3 class=\"elementor-post__title\">\n\t\t\t<a href=\"https:\/\/www.escuelavitae.com\/es\/fp-sanitaria-profesionales-que-cuidan-formacion-que-transforma\/\" >\n\t\t\t\tFP Sanitaria: profesionales que cuidan, formaci\u00f3n que transforma vidas\t\t\t<\/a>\n\t\t<\/h3>\n\t\t\t\t<div class=\"elementor-post__meta-data\">\n\t\t\t\t\t<span class=\"elementor-post-date\">\n\t\t\t18 de febrero de 2025\t\t<\/span>\n\t\t\t\t<\/div>\n\t\t\t\t<div class=\"elementor-post__excerpt\">\n\t\t\t<p>Formar en salud, cuidar el futuro. La formaci\u00f3n de profesionales en el sector sanitario es m\u00e1s que una necesidad; es un compromiso con el bienestar de la sociedad.\u00a0 Cada d\u00eda, miles de personas dependen de la atenci\u00f3n y el conocimiento de expertos en sanidad, y la demanda de t\u00e9cnicos cualificados<\/p>\n\t\t<\/div>\n\t\t\n\t\t<a class=\"elementor-post__read-more\" href=\"https:\/\/www.escuelavitae.com\/es\/fp-sanitaria-profesionales-que-cuidan-formacion-que-transforma\/\" aria-label=\"M\u00e1s informaci\u00f3n sobre FP Sanitaria: profesionales que cuidan, formaci\u00f3n que transforma vidas\" tabindex=\"-1\" >\n\t\t\t\t\t<\/a>\n\n\t\t\t\t<\/div>\n\t\t\t\t<\/article>\n\t\t\t\t<\/div>\n\t\t\n\t\t\t\t<div class=\"e-load-more-anchor\" data-page=\"1\" data-max-page=\"9\" data-next-page=\"https:\/\/www.escuelavitae.com\/es\/wp-json\/wp\/v2\/pages\/996706\/page\/2\/\"><\/div>\n\t\t\t\t<nav class=\"elementor-pagination\" aria-label=\"Paginaci\u00f3n\">\n\t\t\t<span aria-current=\"page\" class=\"page-numbers current\"><span class=\"elementor-screen-only\">P\u00e1gina<\/span>1<\/span>\n<a class=\"page-numbers\" href=\"https:\/\/www.escuelavitae.com\/es\/wp-json\/wp\/v2\/pages\/996706\/page\/2\/\"><span class=\"elementor-screen-only\">P\u00e1gina<\/span>2<\/a>\n<a class=\"page-numbers\" href=\"https:\/\/www.escuelavitae.com\/es\/wp-json\/wp\/v2\/pages\/996706\/page\/3\/\"><span class=\"elementor-screen-only\">P\u00e1gina<\/span>3<\/a>\n<a class=\"page-numbers\" href=\"https:\/\/www.escuelavitae.com\/es\/wp-json\/wp\/v2\/pages\/996706\/page\/4\/\"><span class=\"elementor-screen-only\">P\u00e1gina<\/span>4<\/a>\n<a class=\"page-numbers\" href=\"https:\/\/www.escuelavitae.com\/es\/wp-json\/wp\/v2\/pages\/996706\/page\/5\/\"><span class=\"elementor-screen-only\">P\u00e1gina<\/span>5<\/a>\n<a class=\"page-numbers\" href=\"https:\/\/www.escuelavitae.com\/es\/wp-json\/wp\/v2\/pages\/996706\/page\/6\/\"><span class=\"elementor-screen-only\">P\u00e1gina<\/span>6<\/a>\n<a class=\"page-numbers\" href=\"https:\/\/www.escuelavitae.com\/es\/wp-json\/wp\/v2\/pages\/996706\/page\/7\/\"><span class=\"elementor-screen-only\">P\u00e1gina<\/span>7<\/a>\n<a class=\"page-numbers\" href=\"https:\/\/www.escuelavitae.com\/es\/wp-json\/wp\/v2\/pages\/996706\/page\/8\/\"><span class=\"elementor-screen-only\">P\u00e1gina<\/span>8<\/a>\n<a class=\"page-numbers\" href=\"https:\/\/www.escuelavitae.com\/es\/wp-json\/wp\/v2\/pages\/996706\/page\/9\/\"><span class=\"elementor-screen-only\">P\u00e1gina<\/span>9<\/a>\t\t<\/nav>\n\t\t\t\t\t\t<\/div>\n\t\t\t\t<\/div>\n\t\t\t\t\t<\/div>\n\t\t<\/div>\n\t\t\t\t\t<\/div>\n\t\t<\/section>\n\t\t\t\t<section class=\"elementor-section elementor-top-section elementor-element elementor-element-4fa7d23 elementor-section-boxed elementor-section-height-default elementor-section-height-default\" data-id=\"4fa7d23\" data-element_type=\"section\" data-e-type=\"section\">\n\t\t\t\t\t\t<div class=\"elementor-container elementor-column-gap-default\">\n\t\t\t\t\t<div class=\"elementor-column elementor-col-100 elementor-top-column elementor-element elementor-element-1fbcae3\" data-id=\"1fbcae3\" data-element_type=\"column\" data-e-type=\"column\">\n\t\t\t<div class=\"elementor-widget-wrap elementor-element-populated\">\n\t\t\t\t\t\t<div class=\"elementor-element elementor-element-273b32e elementor-widget__width-auto animated-fast elementor-invisible elementor-widget elementor-widget-heading\" data-id=\"273b32e\" data-element_type=\"widget\" data-e-type=\"widget\" data-settings=\"{&quot;_animation&quot;:&quot;fadeIn&quot;,&quot;_animation_tablet&quot;:&quot;none&quot;,&quot;_animation_mobile&quot;:&quot;none&quot;,&quot;_animation_delay&quot;:200}\" data-widget_type=\"heading.default\">\n\t\t\t\t<div class=\"elementor-widget-container\">\n\t\t\t\t\t<p class=\"elementor-heading-title elementor-size-default\">F\u00d3RMATE<\/p>\t\t\t\t<\/div>\n\t\t\t\t<\/div>\n\t\t\t\t\t<\/div>\n\t\t<\/div>\n\t\t\t\t\t<\/div>\n\t\t<\/section>\n\t\t\t\t<section class=\"elementor-section elementor-top-section elementor-element elementor-element-9de9945 elementor-section-boxed elementor-section-height-default elementor-section-height-default\" data-id=\"9de9945\" data-element_type=\"section\" data-e-type=\"section\" data-settings=\"{&quot;background_background&quot;:&quot;classic&quot;}\">\n\t\t\t\t\t\t<div class=\"elementor-container elementor-column-gap-default\">\n\t\t\t\t\t<div class=\"elementor-column elementor-col-100 elementor-top-column elementor-element elementor-element-8881770\" data-id=\"8881770\" data-element_type=\"column\" data-e-type=\"column\">\n\t\t\t<div class=\"elementor-widget-wrap elementor-element-populated\">\n\t\t\t\t\t\t<div class=\"elementor-element elementor-element-e4dfede elementor-widget elementor-widget-heading\" data-id=\"e4dfede\" data-element_type=\"widget\" data-e-type=\"widget\" data-widget_type=\"heading.default\">\n\t\t\t\t<div class=\"elementor-widget-container\">\n\t\t\t\t\t<p class=\"elementor-heading-title elementor-size-default\">\u00bfEst\u00e1s listo para dar el siguiente paso hacia tu futura carrera?<\/p>\t\t\t\t<\/div>\n\t\t\t\t<\/div>\n\t\t\t\t<div class=\"elementor-element elementor-element-4d8c0a4 elementor-align-center elementor-mobile-align-justify elementor-widget elementor-widget-button\" data-id=\"4d8c0a4\" data-element_type=\"widget\" data-e-type=\"widget\" data-widget_type=\"button.default\">\n\t\t\t\t<div class=\"elementor-widget-container\">\n\t\t\t\t\t\t\t\t\t<div class=\"elementor-button-wrapper\">\n\t\t\t\t\t<a class=\"elementor-button elementor-button-link elementor-size-sm\" href=\"https:\/\/www.escuelavitae.com\/es\/contacto\/\">\n\t\t\t\t\t\t<span class=\"elementor-button-content-wrapper\">\n\t\t\t\t\t\t<span class=\"elementor-button-icon\">\n\t\t\t\t<i aria-hidden=\"true\" class=\"vamtamtheme- vamtam-theme-arrow-right\"><\/i>\t\t\t<\/span>\n\t\t\t\t\t\t\t\t\t<span class=\"elementor-button-text\">Solicitar informaci\u00f3n<\/span>\n\t\t\t\t\t<\/span>\n\t\t\t\t\t<\/a>\n\t\t\t\t<\/div>\n\t\t\t\t\t\t\t\t<\/div>\n\t\t\t\t<\/div>\n\t\t\t\t\t<\/div>\n\t\t<\/div>\n\t\t\t\t\t<\/div>\n\t\t<\/section>\n\t\t\t\t<\/div>\n\t\t","protected":false},"excerpt":{"rendered":"<p>\u00daltimas noticias y eventos en Vitae: mantente conectado. F\u00d3RMATE \u00bfEst\u00e1s listo para dar el siguiente paso hacia tu futura carrera? Solicitar informaci\u00f3n<\/p>\n","protected":false},"author":1,"featured_media":0,"parent":0,"menu_order":0,"comment_status":"closed","ping_status":"closed","template":"","meta":{"om_disable_all_campaigns":false,"footnotes":""},"class_list":["post-996706","page","type-page","status-publish","hentry"],"aioseo_notices":[],"_links":{"self":[{"href":"https:\/\/www.escuelavitae.com\/es\/wp-json\/wp\/v2\/pages\/996706","targetHints":{"allow":["GET"]}}],"collection":[{"href":"https:\/\/www.escuelavitae.com\/es\/wp-json\/wp\/v2\/pages"}],"about":[{"href":"https:\/\/www.escuelavitae.com\/es\/wp-json\/wp\/v2\/types\/page"}],"author":[{"embeddable":true,"href":"https:\/\/www.escuelavitae.com\/es\/wp-json\/wp\/v2\/users\/1"}],"replies":[{"embeddable":true,"href":"https:\/\/www.escuelavitae.com\/es\/wp-json\/wp\/v2\/comments?post=996706"}],"version-history":[{"count":27,"href":"https:\/\/www.escuelavitae.com\/es\/wp-json\/wp\/v2\/pages\/996706\/revisions"}],"predecessor-version":[{"id":1002436,"href":"https:\/\/www.escuelavitae.com\/es\/wp-json\/wp\/v2\/pages\/996706\/revisions\/1002436"}],"wp:attachment":[{"href":"https:\/\/www.escuelavitae.com\/es\/wp-json\/wp\/v2\/media?parent=996706"}],"curies":[{"name":"wp","href":"https:\/\/api.w.org\/{rel}","templated":true}]}}